{"id":2733,"date":"2018-04-18T19:02:48","date_gmt":"2018-04-18T18:02:48","guid":{"rendered":"https:\/\/www.fordesi.pt\/industries\/"},"modified":"2018-05-23T10:00:47","modified_gmt":"2018-05-23T10:00:47","slug":"industries","status":"publish","type":"page","link":"https:\/\/www.fordesi.pt\/en\/industries\/","title":{"rendered":"Industries"},"content":{"rendered":"<p>[vc_row][vc_column]<div id=\"ultimate-heading-761169f488a32fc74\" class=\"uvc-heading ult-adjust-bottom-margin ultimate-heading-761169f488a32fc74 uvc-9181  uvc-heading-default-font-sizes\" data-hspacer=\"no_spacer\"  data-halign=\"left\" style=\"text-align:left\"><div class=\"uvc-heading-spacer no_spacer\" style=\"top\"><\/div><div class=\"uvc-main-heading ult-responsive\"  data-ultimate-target='.uvc-heading.ultimate-heading-761169f488a32fc74 h3'  data-responsive-json-new='{\"font-size\":\"\",\"line-height\":\"\"}' ><h3 style=\"--font-weight:theme;margin-bottom:5px;\">Com base num hist\u00f3rico de 25 anos de experi\u00eancia,<\/h3><\/div><div class=\"uvc-sub-heading ult-responsive\"  data-ultimate-target='.uvc-heading.ultimate-heading-761169f488a32fc74 .uvc-sub-heading '  data-responsive-json-new='{\"font-size\":\"desktop:20px;\",\"line-height\":\"desktop:30px;\"}'  style=\"font-weight:normal;margin-bottom:15px;\">focamo-nos na gera\u00e7\u00e3o de din\u00e2micas de inova\u00e7\u00e3o que permitem tornar mais \u00e1geis e eficientes as organiza\u00e7\u00f5es que atuam nos setores da log\u00edstica e transportes:<\/div><\/div>[\/vc_column][\/vc_row][vc_row type=&#8221;vc_default&#8221; full_width=&#8221;stretch_row&#8221; content_placement=&#8221;top&#8221; parallax=&#8221;content-moving&#8221; parallax_image=&#8221;2007&#8243;][vc_column css=&#8221;.vc_custom_1524076090733{padding-top: 60px !important;padding-bottom: 30px !important;}&#8221;]<div id=\"advanced-tabs-desc-wrap-9046\" class=\"ult_tabs \" style=\" margin-top:30px;margin-right:30px;margin-bottom:30px;margin-left:30px;\" data-tabsstyle=\"style3\"\r\n data-titlebg=\"#ffffff\" data-titlecolor=\"#b0bec5\" data-fullheight=\"off\"\r\n data-titlehoverbg=\"#ffffff\" data-titlehovercolor=\"#62727b\"\r\n data-rotatetabs=\"0\" data-responsivemode=\"Title\" data-animation=\"None\"\r\ndata-activetitle=\"#08bfdd\" data-activeicon=\"\" data-activebg=\"#ffffff\"  data-respmode=\"Tabs\" data-respwidth=\"400\" data-scroll = \"on\" data-activeindex=\"1\"><ul id=advanced-tabs-wrap-4012 class=\"ult_tabmenu style3 \" style=\"\"><li class=\"ult_tab_li  \" data-iconcolor=\"#74777b\" data-iconhover=\"#ffffff\" style=\"background-color:#ffffff;border-color:transparent;border-width:0px;border-style:solid;border-top-left-radius:0px;\">\r\n\t\t\t\t\t<a href=\"#1524076241097-4\"  id=\"1524076241097-4\"  style=\"color:#b0bec5;; padding:15px; \" class=\"ult_a  \">\r\n\t\t\t\t\t     <span class=\"ult_tab_main Title \">\r\n\t\t\t\t\t \t\t <span class=\"ult_tab_section\">\r\n\t\t\t\t\t   \t\t\t<span  data-ultimate-target='#advanced-tabs-wrap-4012 .ult-span-text'  data-responsive-json-new='{\"font-size\":\"desktop:18px;\",\"line-height\":\"\"}'  class=\"ult-span-text no_icon ult_tab_display_text ult-responsive\" style=\"font-family:Raleway;font-weight:500;;\">LOG\u00cdSTICA<\/span>\r\n\t\t\t\t\t   \t\t<\/span>\r\n\t\t\t\t\t\t<\/span>\r\n\t\t\t\t\t<\/a>\r\n\t\t\t\t\t<\/li><li class=\"ult_tab_li  \" data-iconcolor=\"#74777b\" data-iconhover=\"#ffffff\" style=\"background-color:#ffffff;border-color:transparent;border-width:0px;border-style:solid;\">\r\n\t\t\t\t\t<a href=\"#1524076241192-5\"  id=\"1524076241192-5\"  style=\"color:#b0bec5;; padding:15px; \" class=\"ult_a  \">\r\n\t\t\t\t\t     <span class=\"ult_tab_main Title \">\r\n\t\t\t\t\t \t\t <span class=\"ult_tab_section\">\r\n\t\t\t\t\t   \t\t\t<span  data-ultimate-target='#advanced-tabs-wrap-4012 .ult-span-text'  data-responsive-json-new='{\"font-size\":\"desktop:18px;\",\"line-height\":\"\"}'  class=\"ult-span-text no_icon ult_tab_display_text ult-responsive\" style=\"font-family:Raleway;font-weight:500;;\">TRANSPORTES<\/span>\r\n\t\t\t\t\t   \t\t<\/span>\r\n\t\t\t\t\t\t<\/span>\r\n\t\t\t\t\t<\/a>\r\n\t\t\t\t\t<\/li><li class=\"ult_tab_li  \" data-iconcolor=\"#74777b\" data-iconhover=\"#ffffff\" style=\"background-color:#ffffff;border-color:transparent;border-width:0px;border-style:solid;border-top-right-radius:0px;\">\r\n\t\t\t\t\t<a href=\"#1525075148429-2-3\"  id=\"1525075148429-2-3\"  style=\"color:#b0bec5;; padding:15px; \" class=\"ult_a  \">\r\n\t\t\t\t\t     <span class=\"ult_tab_main Title \">\r\n\t\t\t\t\t \t\t <span class=\"ult_tab_section\">\r\n\t\t\t\t\t   \t\t\t<span  data-ultimate-target='#advanced-tabs-wrap-4012 .ult-span-text'  data-responsive-json-new='{\"font-size\":\"desktop:18px;\",\"line-height\":\"\"}'  class=\"ult-span-text no_icon ult_tab_display_text ult-responsive\" style=\"font-family:Raleway;font-weight:500;;\">EDUCA\u00c7\u00c3O - FORMA\u00c7\u00c3O<\/span>\r\n\t\t\t\t\t   \t\t<\/span>\r\n\t\t\t\t\t\t<\/span>\r\n\t\t\t\t\t<\/a>\r\n\t\t\t\t\t<\/li><\/ul><div  data-ultimate-target='#advanced-tabs-desc-wrap-9046 .ult_tabcontent .ult_tab_min_contain  p'  data-responsive-json-new='{\"font-size\":\"\",\"line-height\":\"\"}' class=\"ult_tabcontent ult-responsive style3\" style=\"background-color:#ffffff;color:#74777b;\"><div class=\"ult_tab_min_contain \" >\n\t\t\t<div  class=\"ult_tabitemname\"  >\n\t\t\t\t<div id=\"ultimate-heading-799669f488a332a2f\" class=\"uvc-heading ult-adjust-bottom-margin ultimate-heading-799669f488a332a2f uvc-5146 \" data-hspacer=\"no_spacer\"  data-halign=\"center\" style=\"text-align:center\"><div class=\"uvc-heading-spacer no_spacer\" style=\"top\"><\/div><div class=\"uvc-main-heading ult-responsive\"  data-ultimate-target='.uvc-heading.ultimate-heading-799669f488a332a2f h2'  data-responsive-json-new='{\"font-size\":\"desktop:30px;\",\"line-height\":\"desktop:40px;\"}' ><h2 style=\"font-family:&#039;Nunito&#039;;font-weight:300;color:#08bfdd;margin-top:30px;margin-bottom:30px;\">Log\u00edstica<\/h2><\/div><\/div>[vc_row_inner equal_height=&#8221;yes&#8221; content_placement=&#8221;top&#8221; gap=&#8221;15&#8243;][vc_column_inner width=&#8221;1\/2&#8243;][vc_single_image image=&#8221;2588&#8243; img_size=&#8221;large&#8221; alignment=&#8221;center&#8221; image_hovers=&#8221;false&#8221; lazy_loading=&#8221;true&#8221;][\/vc_column_inner][vc_column_inner width=&#8221;1\/2&#8243;][vc_column_text]O Sector da Log\u00edstica \u00e9 fortemente \u201cdesafiante\u201d face \u00e0 oportunidade de aplica\u00e7\u00e3o de solu\u00e7\u00f5es tecnol\u00f3gicas e processuais com grandes impactos expect\u00e1veis ao n\u00edvel da efici\u00eancia operacional e da redu\u00e7\u00e3o de custos, na medida em que, tipicamente, tem associados opera\u00e7\u00f5es complexas, descentralizadas, multidevice e que mobilizam v\u00e1rios stakeholders.<\/p>\n<p>A comercializa\u00e7\u00e3o de solu\u00e7\u00f5es baseadas em tecnologias inovadoras ter\u00e1 como clientes potenciais: operadores log\u00edsticos, agentes, transportadores, integradores de transporte e plataformas log\u00edsticas, pretendendo um impacto comercial ao n\u00edvel global.[\/vc_column_text][\/vc_column_inner][\/vc_row_inner][vc_empty_space height=&#8221;30px&#8221;][vc_column_text]A capacidade dos sistemas em criar redes de redes ou, respeitando a sem\u00e2ntica mais comum, sistemas de sistemas, enfatiza uma abordagem absolutamente inovadora \u2013 \u201cConferir\u201d intelig\u00eancia e capacidade de comunica\u00e7\u00e3o a dispositivos, impulsionando a capacidade operacional e a efici\u00eancia de sistemas integrados, o aumento dos automatismos e da capacidade de monitoriza\u00e7\u00e3o.<\/p>\n<p>Contudo, esta abordagem s\u00f3 \u00e9 vi\u00e1vel se existir um framework global que, conceptualmente, permita reduzir os custos de setup, tornando vi\u00e1vel o seu aproveitamento e especializa\u00e7\u00e3o subsectorial \u2013 Concretamente, a experi\u00eancia da FORDESI evidencia que os custos de setup para a implementa\u00e7\u00e3o do conceito IoT ao Sector da Log\u00edstica podem representar uma barreira significativa. Com o estabelecimento do framework global, s\u00e3o criadas as condi\u00e7\u00f5es de base para que este conceito seja implementado em v\u00e1rios dom\u00ednios do Sector da Log\u00edstica, minimizando os custos de Setup.[\/vc_column_text]\n\t\t\t<\/div>\n\t\t\t<div  class=\"ult_tabitemname\"  >\n\t\t\t\t<div id=\"ultimate-heading-176869f488a332ca5\" class=\"uvc-heading ult-adjust-bottom-margin ultimate-heading-176869f488a332ca5 uvc-9256 \" data-hspacer=\"no_spacer\"  data-halign=\"center\" style=\"text-align:center\"><div class=\"uvc-heading-spacer no_spacer\" style=\"top\"><\/div><div class=\"uvc-main-heading ult-responsive\"  data-ultimate-target='.uvc-heading.ultimate-heading-176869f488a332ca5 h2'  data-responsive-json-new='{\"font-size\":\"desktop:30px;\",\"line-height\":\"desktop:40px;\"}' ><h2 style=\"font-family:&#039;Nunito&#039;;font-weight:300;color:#08bfdd;margin-top:30px;margin-bottom:30px;\">Transportes<\/h2><\/div><\/div>[vc_row_inner equal_height=&#8221;yes&#8221; content_placement=&#8221;top&#8221; gap=&#8221;15&#8243;][vc_column_inner width=&#8221;1\/2&#8243;][vc_single_image image=&#8221;2589&#8243; img_size=&#8221;large&#8221; alignment=&#8221;center&#8221; image_hovers=&#8221;false&#8221; lazy_loading=&#8221;true&#8221;][\/vc_column_inner][vc_column_inner width=&#8221;1\/2&#8243;][vc_column_text]Com a globaliza\u00e7\u00e3o, a liberaliza\u00e7\u00e3o dos fluxos financeiros e o desenvolvimento da complexidade das cadeias log\u00edsticas (onde se deve salientar os processos de deslocaliza\u00e7\u00e3o das unidades de produ\u00e7\u00e3o para a \u00c1sia e Leste da Europa) assistiu-se nos \u00faltimos a um crescimento muito significativo do tr\u00e1fego de mercadorias. E devido a esse crescimento o transporte de mercadorias e passageiros enfrenta s\u00e9rios desafios de sustentabilidade operacional e ambiental.<\/p>\n<p>O incremento da complexidade das cadeias log\u00edsticas e do neg\u00f3cio dos prestadores de servi\u00e7os log\u00edsticos e de transportes conduziu a uma realidade em que o transporte intermodal e a gest\u00e3o de cadeias log\u00edsticas j\u00e1 n\u00e3o s\u00e3o poss\u00edveis sem sistemas eletr\u00f3nicos de processamento de informa\u00e7\u00e3o.[\/vc_column_text][\/vc_column_inner][\/vc_row_inner][vc_empty_space height=&#8221;30px&#8221;][vc_column_text]Neste cen\u00e1rio de novos segmentos emergentes de servi\u00e7os log\u00edsticos e de transportes, em que os mercados est\u00e3o ainda muito fragmentados, com atores de m\u00faltiplas origens e dimens\u00f5es, verifica-se tamb\u00e9m uma dispers\u00e3o e fragmenta\u00e7\u00e3o dos sistemas existentes para a gest\u00e3o, coordena\u00e7\u00e3o de cadeias log\u00edsticas e de transportes e tamb\u00e9m para a comercializa\u00e7\u00e3o destes servi\u00e7os.[\/vc_column_text][vc_empty_space height=&#8221;30px&#8221;][vc_column_text]<strong>Assim, \u00e9 comum para uma mesma cadeia log\u00edstica e\/ou de transportes estarem envolvidos na gest\u00e3o das opera\u00e7\u00f5es e processo, sistemas como:<\/strong><\/p>\n<ul>\n<li>Bolsas de fretes \/ plataformas de com\u00e9rcio eletr\u00f3nico de servi\u00e7os<\/li>\n<li>Sistemas de SCM<\/li>\n<li>Sistemas de gest\u00e3o de transportes<\/li>\n<li>Sistemas propriet\u00e1rios de gest\u00e3o porta-a-porta de grandes operadores<\/li>\n<li>Port Community Systems<\/li>\n<li>Sistemas de Gest\u00e3o de Cadeias Log\u00edsticas<\/li>\n<li>Sistemas de Gest\u00e3o de plataformas log\u00edsticas<\/li>\n<li>Sistemas de gest\u00e3o portu\u00e1rios<\/li>\n<\/ul>\n<p>[\/vc_column_text][vc_empty_space height=&#8221;30px&#8221;][vc_column_text]O sector dos transportes \u00e9 um espa\u00e7o onde no futuro se ir\u00e1 desenvolver um novo mercado de solu\u00e7\u00f5es de transporte que poder\u00e1 revolucionar a atual organiza\u00e7\u00e3o e forma de trabalhar neste sector, com vantagens para o sistema de transporte a n\u00edvel de:<\/p>\n<ul>\n<li>Efici\u00eancia do sistema de transporte;<\/li>\n<li>Redu\u00e7\u00e3o dos impactos ambientais, facilitando a utiliza\u00e7\u00e3o das solu\u00e7\u00f5es com menores emiss\u00f5es (Este pode e deve ser um crit\u00e9rio de pesquisa);<\/li>\n<li>Maior transpar\u00eancia da oferta.<\/li>\n<\/ul>\n<p>[\/vc_column_text]\n\t\t\t<\/div>\n\t\t\t<div  class=\"ult_tabitemname\"  >\n\t\t\t\t<div id=\"ultimate-heading-312769f488a33306f\" class=\"uvc-heading ult-adjust-bottom-margin ultimate-heading-312769f488a33306f uvc-4628 \" data-hspacer=\"no_spacer\"  data-halign=\"center\" style=\"text-align:center\"><div class=\"uvc-heading-spacer no_spacer\" style=\"top\"><\/div><div class=\"uvc-main-heading ult-responsive\"  data-ultimate-target='.uvc-heading.ultimate-heading-312769f488a33306f h2'  data-responsive-json-new='{\"font-size\":\"desktop:30px;\",\"line-height\":\"desktop:40px;\"}' ><h2 style=\"font-family:&#039;Nunito&#039;;font-weight:300;color:#08bfdd;margin-top:30px;margin-bottom:30px;\">Educa\u00e7\u00e3o, Forma\u00e7\u00e3o de Quadros e Gest\u00e3o de Compet\u00eancias<\/h2><\/div><\/div>[vc_empty_space height=&#8221;30px&#8221;]<div id=\"ultimate-heading-561069f488a333104\" class=\"uvc-heading ult-adjust-bottom-margin ultimate-heading-561069f488a333104 uvc-6338 \" data-hspacer=\"no_spacer\"  data-halign=\"left\" style=\"text-align:left\"><div class=\"uvc-heading-spacer no_spacer\" style=\"top\"><\/div><div class=\"uvc-main-heading ult-responsive\"  data-ultimate-target='.uvc-heading.ultimate-heading-561069f488a333104 h3'  data-responsive-json-new='{\"font-size\":\"desktop:20px;\",\"line-height\":\"desktop:30px;\"}' ><h3 style=\"font-family:&#039;Nunito&#039;;font-weight:300;color:#08bfdd;margin-bottom:30px;\">Educa\u00e7\u00e3o<\/h3><\/div><\/div>[vc_row_inner gap=&#8221;15&#8243;][vc_column_inner width=&#8221;1\/2&#8243;][vc_single_image image=&#8221;2590&#8243; img_size=&#8221;large&#8221; image_hovers=&#8221;false&#8221; lazy_loading=&#8221;true&#8221;][\/vc_column_inner][vc_column_inner width=&#8221;1\/2&#8243;][vc_column_text]O desenvolvimento sustentado de qualquer pa\u00eds est\u00e1 intimamente ligado \u00e0 qualidade do Sistema de Ensino que, de forma integrada, deve contribuir para a forma\u00e7\u00e3o de quadros diferenciados e com capacidade para alavancarem uma estrat\u00e9gia de diversifica\u00e7\u00e3o da economia nacional.<\/p>\n<p>Modelo de Suporte ao Ensino, incluindo a rela\u00e7\u00e3o com entidades externas, \u00e9 din\u00e2mico e evolutivo apresentando elevados n\u00edveis de escalabilidade, o que permite integrar novas funcionalidades e dom\u00ednios de forma\u00e7\u00e3o de acordo com as necessidades das entidades competentes.[\/vc_column_text][\/vc_column_inner][\/vc_row_inner][vc_empty_space height=&#8221;30px&#8221;][vc_column_text]<\/p>\n<p>A FORDESI fornece ferramentas ao servi\u00e7o da cadeia de valor da Educa\u00e7\u00e3o que representam um elemento fortemente capacitante, na medida em que institui normas e procedimentos com elevado potencial de dissemina\u00e7\u00e3o, onde a transi\u00e7\u00e3o para paradigmas organizacionais cada vez mais integrados e \u00e1geis, suportados por tecnologias inovadoras, potencia a capacita\u00e7\u00e3o dos RH para os novos desafios operacionais e de gest\u00e3o.<\/p>\n<p>O car\u00e1cter evolutivo das solu\u00e7\u00f5es possibilitam a integra\u00e7\u00e3o de novos componentes que correspondam \u00e0s necessidades pertinentes de entidades e\/ou projetos colaborantes com o sistema educativo, projetos organizados para convergir para num conjunto de objectivos essenciais, designadamente \u201c (i) aumentar o conhecimento e as compet\u00eancias dos professores, incrementando os \u00edndices de gest\u00e3o das escolas nas \u00e1reas designadas do projecto e (ii) desenvolver um sistema de avalia\u00e7\u00e3o sistem\u00e1tica dos alunos\u201d.[\/vc_column_text][vc_empty_space height=&#8221;30px&#8221;]<div id=\"ultimate-heading-99869f488a333192\" class=\"uvc-heading ult-adjust-bottom-margin ultimate-heading-99869f488a333192 uvc-2053 \" data-hspacer=\"no_spacer\"  data-halign=\"left\" style=\"text-align:left\"><div class=\"uvc-heading-spacer no_spacer\" style=\"top\"><\/div><div class=\"uvc-main-heading ult-responsive\"  data-ultimate-target='.uvc-heading.ultimate-heading-99869f488a333192 h3'  data-responsive-json-new='{\"font-size\":\"desktop:20px;\",\"line-height\":\"desktop:30px;\"}' ><h3 style=\"font-family:&#039;Nunito&#039;;font-weight:300;color:#08bfdd;margin-bottom:30px;\">Quadros e compet\u00eancias<\/h3><\/div><\/div>[vc_row_inner gap=&#8221;15&#8243;][vc_column_inner width=&#8221;1\/2&#8243;][vc_single_image image=&#8221;2591&#8243; img_size=&#8221;large&#8221; image_hovers=&#8221;false&#8221; lazy_loading=&#8221;true&#8221;][\/vc_column_inner][vc_column_inner width=&#8221;1\/2&#8243;][vc_column_text]A tem\u00e1tica da Gest\u00e3o de Quadros tem assumido grande relev\u00e2ncia no quadro das prioridades nacionais, na medida em que impacta, de forma objetiva, nas pol\u00edticas de mobilidade de RH e na capacidade de gest\u00e3o e afeta\u00e7\u00e3o de recursos humanos numa base de otimiza\u00e7\u00e3o dos recursos dispon\u00edveis.<\/p>\n<p>Cada vez mais as organiza\u00e7\u00f5es (p\u00fablicas e privadas) competem por par\u00e2metros de efici\u00eancia superiores, pelo que uma gest\u00e3o mais eficiente dos recursos humanos dispon\u00edveis \u00e9 condi\u00e7\u00e3o absolutamente essencial.<\/p>\n<p>\u00c9 essencial garantir um conhecimento pormenorizado e em tempo real sobre o perfil de RH e compet\u00eancias existentes, at\u00e9 para fomentar a\u00e7\u00f5es de coopera\u00e7\u00e3o \/ colabora\u00e7\u00e3o entre Institui\u00e7\u00f5es P\u00fablicas.[\/vc_column_text][\/vc_column_inner][\/vc_row_inner][vc_empty_space height=&#8221;30px&#8221;][vc_column_text]A FORDESI desenvolve trabalho no \u00e2mbito de sistemas de informa\u00e7\u00e3o para a constru\u00e7\u00e3o de modelos de Gest\u00e3o de Quadros e Compet\u00eancias e potenciam:<\/p>\n<ul>\n<li>Estabelecer Referenciais comuns para a Gest\u00e3o de Quadros e Compet\u00eancias;<\/li>\n<li>Diferenciar compet\u00eancias gerais e espec\u00edficas;<\/li>\n<li>Garantir Processos e Procedimentos de Recolha e Tratamento de Informa\u00e7\u00e3o integrados e normalizados;<\/li>\n<li>Maior capacidade de afeta\u00e7\u00e3o de RH, em fun\u00e7\u00e3o do n\u00edvel de compet\u00eancias real;<\/li>\n<li>Maior capacidade para orientar pol\u00edticas de forma\u00e7\u00e3o e\/ou refor\u00e7o de compet\u00eancias;<\/li>\n<li>Diferencia\u00e7\u00e3o \/ Afirma\u00e7\u00e3o das organiza\u00e7\u00f5es com base nas reais compet\u00eancias existentes na institui\u00e7\u00e3o.<\/li>\n<\/ul>\n<p>[\/vc_column_text]\n\t\t\t<\/div><\/div><\/div><\/div><div class=\"ult_acord advanced-tabs-desc-wrap-9046\">\r\n   <div class=\"ult-tabto-accordion \" style=\"width:;\"\r\n    data-titlecolor=\"#b0bec5\"  data-titlebg=\"#ffffff\"\r\n     data-titlehoverbg=\"#ffffff\" data-titlehovercolor=\"#62727b\" data-animation=\"None\"\r\n     data-activetitle=\"#08bfdd\" data-activeicon=\"\" data-activebg=\"#ffffff\" data-scroll = \"on\" data-activeindex=\"1\" >\r\n     <dl><dt class=\"\">\r\n\t        \t<a class=\"ult-tabto-actitle withBorder ult_a \" id=\"1524076241097-4\" style=\"color:#b0bec5;;background-color:#ffffff;border-bottom-color:transparent;border-bottom-width:0px;border-bottom-style:solid;\" href=\"#1524076241097-4\">\r\n\t        \t\t<i class=\"accordion-icon\"><\/i>\r\n\t        \t\t\t<span class=\"ult_tab_main ult_ac_main ult_noacordicnTitle\">\r\n\r\n\t\t\t\t\t\t<span  data-ultimate-target='#advanced-tabs-wrap-4012 .ult-span-text'  data-responsive-json-new='{\"font-size\":\"desktop:18px;\",\"line-height\":\"\"}'  class=\"ult-span-text no_icon ult_acordian-text ult-responsive\" style=\"font-family:Raleway;font-weight:500;;color:inherit \" >LOG\u00cdSTICA<\/span>\r\n\t\t\t\t\t\t<\/span><\/a><\/dt>\r\n\t            \t\t<dd class=\"ult-tabto-accordionItem ult-tabto-accolapsed\">\r\n\t\t\t\t            <div class=\"ult-tabto-acontent\" style=\"background-color:#ffffff;color:#74777b;\">\r\n\t\t\t\t               <div id=\"ultimate-heading-929369f488a331807\" class=\"uvc-heading ult-adjust-bottom-margin ultimate-heading-929369f488a331807 uvc-9758 \" data-hspacer=\"no_spacer\"  data-halign=\"center\" style=\"text-align:center\"><div class=\"uvc-heading-spacer no_spacer\" style=\"top\"><\/div><div class=\"uvc-main-heading ult-responsive\"  data-ultimate-target='.uvc-heading.ultimate-heading-929369f488a331807 h2'  data-responsive-json-new='{\"font-size\":\"desktop:30px;\",\"line-height\":\"desktop:40px;\"}' ><h2 style=\"font-family:&#039;Nunito&#039;;font-weight:300;color:#08bfdd;margin-top:30px;margin-bottom:30px;\">Log\u00edstica<\/h2><\/div><\/div>[vc_row_inner equal_height=&#8221;yes&#8221; content_placement=&#8221;top&#8221; gap=&#8221;15&#8243;][vc_column_inner width=&#8221;1\/2&#8243;][vc_single_image image=&#8221;2588&#8243; img_size=&#8221;large&#8221; alignment=&#8221;center&#8221; image_hovers=&#8221;false&#8221; lazy_loading=&#8221;true&#8221;][\/vc_column_inner][vc_column_inner width=&#8221;1\/2&#8243;][vc_column_text]O Sector da Log\u00edstica \u00e9 fortemente \u201cdesafiante\u201d face \u00e0 oportunidade de aplica\u00e7\u00e3o de solu\u00e7\u00f5es tecnol\u00f3gicas e processuais com grandes impactos expect\u00e1veis ao n\u00edvel da efici\u00eancia operacional e da redu\u00e7\u00e3o de custos, na medida em que, tipicamente, tem associados opera\u00e7\u00f5es complexas, descentralizadas, multidevice e que mobilizam v\u00e1rios stakeholders.<\/p>\n<p>A comercializa\u00e7\u00e3o de solu\u00e7\u00f5es baseadas em tecnologias inovadoras ter\u00e1 como clientes potenciais: operadores log\u00edsticos, agentes, transportadores, integradores de transporte e plataformas log\u00edsticas, pretendendo um impacto comercial ao n\u00edvel global.[\/vc_column_text][\/vc_column_inner][\/vc_row_inner][vc_empty_space height=&#8221;30px&#8221;][vc_column_text]A capacidade dos sistemas em criar redes de redes ou, respeitando a sem\u00e2ntica mais comum, sistemas de sistemas, enfatiza uma abordagem absolutamente inovadora \u2013 \u201cConferir\u201d intelig\u00eancia e capacidade de comunica\u00e7\u00e3o a dispositivos, impulsionando a capacidade operacional e a efici\u00eancia de sistemas integrados, o aumento dos automatismos e da capacidade de monitoriza\u00e7\u00e3o.<\/p>\n<p>Contudo, esta abordagem s\u00f3 \u00e9 vi\u00e1vel se existir um framework global que, conceptualmente, permita reduzir os custos de setup, tornando vi\u00e1vel o seu aproveitamento e especializa\u00e7\u00e3o subsectorial \u2013 Concretamente, a experi\u00eancia da FORDESI evidencia que os custos de setup para a implementa\u00e7\u00e3o do conceito IoT ao Sector da Log\u00edstica podem representar uma barreira significativa. Com o estabelecimento do framework global, s\u00e3o criadas as condi\u00e7\u00f5es de base para que este conceito seja implementado em v\u00e1rios dom\u00ednios do Sector da Log\u00edstica, minimizando os custos de Setup.[\/vc_column_text]\r\n\t\t\t\t            <\/div>\r\n\t        \t\t\t<\/dd><dt class=\"\">\r\n\t        \t<a class=\"ult-tabto-actitle withBorder ult_a \" id=\"1524076241192-5\" style=\"color:#b0bec5;;background-color:#ffffff;border-bottom-color:transparent;border-bottom-width:0px;border-bottom-style:solid;border-bottom-color:transparent;border-bottom-width:0px;border-bottom-style:solid;\" href=\"#1524076241192-5\">\r\n\t        \t\t<i class=\"accordion-icon\"><\/i>\r\n\t        \t\t\t<span class=\"ult_tab_main ult_ac_main ult_noacordicnTitle\">\r\n\r\n\t\t\t\t\t\t<span  data-ultimate-target='#advanced-tabs-wrap-4012 .ult-span-text'  data-responsive-json-new='{\"font-size\":\"desktop:18px;\",\"line-height\":\"\"}'  class=\"ult-span-text no_icon ult_acordian-text ult-responsive\" style=\"font-family:Raleway;font-weight:500;;color:inherit \" >TRANSPORTES<\/span>\r\n\t\t\t\t\t\t<\/span><\/a><\/dt>\r\n\t            \t\t<dd class=\"ult-tabto-accordionItem ult-tabto-accolapsed\">\r\n\t\t\t\t            <div class=\"ult-tabto-acontent\" style=\"background-color:#ffffff;color:#74777b;\">\r\n\t\t\t\t               <div id=\"ultimate-heading-589169f488a331985\" class=\"uvc-heading ult-adjust-bottom-margin ultimate-heading-589169f488a331985 uvc-1831 \" data-hspacer=\"no_spacer\"  data-halign=\"center\" style=\"text-align:center\"><div class=\"uvc-heading-spacer no_spacer\" style=\"top\"><\/div><div class=\"uvc-main-heading ult-responsive\"  data-ultimate-target='.uvc-heading.ultimate-heading-589169f488a331985 h2'  data-responsive-json-new='{\"font-size\":\"desktop:30px;\",\"line-height\":\"desktop:40px;\"}' ><h2 style=\"font-family:&#039;Nunito&#039;;font-weight:300;color:#08bfdd;margin-top:30px;margin-bottom:30px;\">Transportes<\/h2><\/div><\/div>[vc_row_inner equal_height=&#8221;yes&#8221; content_placement=&#8221;top&#8221; gap=&#8221;15&#8243;][vc_column_inner width=&#8221;1\/2&#8243;][vc_single_image image=&#8221;2589&#8243; img_size=&#8221;large&#8221; alignment=&#8221;center&#8221; image_hovers=&#8221;false&#8221; lazy_loading=&#8221;true&#8221;][\/vc_column_inner][vc_column_inner width=&#8221;1\/2&#8243;][vc_column_text]Com a globaliza\u00e7\u00e3o, a liberaliza\u00e7\u00e3o dos fluxos financeiros e o desenvolvimento da complexidade das cadeias log\u00edsticas (onde se deve salientar os processos de deslocaliza\u00e7\u00e3o das unidades de produ\u00e7\u00e3o para a \u00c1sia e Leste da Europa) assistiu-se nos \u00faltimos a um crescimento muito significativo do tr\u00e1fego de mercadorias. E devido a esse crescimento o transporte de mercadorias e passageiros enfrenta s\u00e9rios desafios de sustentabilidade operacional e ambiental.<\/p>\n<p>O incremento da complexidade das cadeias log\u00edsticas e do neg\u00f3cio dos prestadores de servi\u00e7os log\u00edsticos e de transportes conduziu a uma realidade em que o transporte intermodal e a gest\u00e3o de cadeias log\u00edsticas j\u00e1 n\u00e3o s\u00e3o poss\u00edveis sem sistemas eletr\u00f3nicos de processamento de informa\u00e7\u00e3o.[\/vc_column_text][\/vc_column_inner][\/vc_row_inner][vc_empty_space height=&#8221;30px&#8221;][vc_column_text]Neste cen\u00e1rio de novos segmentos emergentes de servi\u00e7os log\u00edsticos e de transportes, em que os mercados est\u00e3o ainda muito fragmentados, com atores de m\u00faltiplas origens e dimens\u00f5es, verifica-se tamb\u00e9m uma dispers\u00e3o e fragmenta\u00e7\u00e3o dos sistemas existentes para a gest\u00e3o, coordena\u00e7\u00e3o de cadeias log\u00edsticas e de transportes e tamb\u00e9m para a comercializa\u00e7\u00e3o destes servi\u00e7os.[\/vc_column_text][vc_empty_space height=&#8221;30px&#8221;][vc_column_text]<strong>Assim, \u00e9 comum para uma mesma cadeia log\u00edstica e\/ou de transportes estarem envolvidos na gest\u00e3o das opera\u00e7\u00f5es e processo, sistemas como:<\/strong><\/p>\n<ul>\n<li>Bolsas de fretes \/ plataformas de com\u00e9rcio eletr\u00f3nico de servi\u00e7os<\/li>\n<li>Sistemas de SCM<\/li>\n<li>Sistemas de gest\u00e3o de transportes<\/li>\n<li>Sistemas propriet\u00e1rios de gest\u00e3o porta-a-porta de grandes operadores<\/li>\n<li>Port Community Systems<\/li>\n<li>Sistemas de Gest\u00e3o de Cadeias Log\u00edsticas<\/li>\n<li>Sistemas de Gest\u00e3o de plataformas log\u00edsticas<\/li>\n<li>Sistemas de gest\u00e3o portu\u00e1rios<\/li>\n<\/ul>\n<p>[\/vc_column_text][vc_empty_space height=&#8221;30px&#8221;][vc_column_text]O sector dos transportes \u00e9 um espa\u00e7o onde no futuro se ir\u00e1 desenvolver um novo mercado de solu\u00e7\u00f5es de transporte que poder\u00e1 revolucionar a atual organiza\u00e7\u00e3o e forma de trabalhar neste sector, com vantagens para o sistema de transporte a n\u00edvel de:<\/p>\n<ul>\n<li>Efici\u00eancia do sistema de transporte;<\/li>\n<li>Redu\u00e7\u00e3o dos impactos ambientais, facilitando a utiliza\u00e7\u00e3o das solu\u00e7\u00f5es com menores emiss\u00f5es (Este pode e deve ser um crit\u00e9rio de pesquisa);<\/li>\n<li>Maior transpar\u00eancia da oferta.<\/li>\n<\/ul>\n<p>[\/vc_column_text]\r\n\t\t\t\t            <\/div>\r\n\t        \t\t\t<\/dd><dt class=\"\">\r\n\t        \t<a class=\"ult-tabto-actitle withBorder ult_a \" id=\"1525075148429-2-3\" style=\"color:#b0bec5;;background-color:#ffffff;border-bottom-color:transparent;border-bottom-width:0px;border-bottom-style:solid;border-bottom-color:transparent;border-bottom-width:0px;border-bottom-style:solid;border-bottom-color:transparent;border-bottom-width:0px;border-bottom-style:solid;\" href=\"#1525075148429-2-3\">\r\n\t        \t\t<i class=\"accordion-icon\"><\/i>\r\n\t        \t\t\t<span class=\"ult_tab_main ult_ac_main ult_noacordicnTitle\">\r\n\r\n\t\t\t\t\t\t<span  data-ultimate-target='#advanced-tabs-wrap-4012 .ult-span-text'  data-responsive-json-new='{\"font-size\":\"desktop:18px;\",\"line-height\":\"\"}'  class=\"ult-span-text no_icon ult_acordian-text ult-responsive\" style=\"font-family:Raleway;font-weight:500;;color:inherit \" >EDUCA\u00c7\u00c3O - FORMA\u00c7\u00c3O<\/span>\r\n\t\t\t\t\t\t<\/span><\/a><\/dt>\r\n\t            \t\t<dd class=\"ult-tabto-accordionItem ult-tabto-accolapsed\">\r\n\t\t\t\t            <div class=\"ult-tabto-acontent\" style=\"background-color:#ffffff;color:#74777b;\">\r\n\t\t\t\t               <div id=\"ultimate-heading-142769f488a331ac0\" class=\"uvc-heading ult-adjust-bottom-margin ultimate-heading-142769f488a331ac0 uvc-5415 \" data-hspacer=\"no_spacer\"  data-halign=\"center\" style=\"text-align:center\"><div class=\"uvc-heading-spacer no_spacer\" style=\"top\"><\/div><div class=\"uvc-main-heading ult-responsive\"  data-ultimate-target='.uvc-heading.ultimate-heading-142769f488a331ac0 h2'  data-responsive-json-new='{\"font-size\":\"desktop:30px;\",\"line-height\":\"desktop:40px;\"}' ><h2 style=\"font-family:&#039;Nunito&#039;;font-weight:300;color:#08bfdd;margin-top:30px;margin-bottom:30px;\">Educa\u00e7\u00e3o, Forma\u00e7\u00e3o de Quadros e Gest\u00e3o de Compet\u00eancias<\/h2><\/div><\/div>[vc_empty_space height=&#8221;30px&#8221;]<div id=\"ultimate-heading-490469f488a331b53\" class=\"uvc-heading ult-adjust-bottom-margin ultimate-heading-490469f488a331b53 uvc-7273 \" data-hspacer=\"no_spacer\"  data-halign=\"left\" style=\"text-align:left\"><div class=\"uvc-heading-spacer no_spacer\" style=\"top\"><\/div><div class=\"uvc-main-heading ult-responsive\"  data-ultimate-target='.uvc-heading.ultimate-heading-490469f488a331b53 h3'  data-responsive-json-new='{\"font-size\":\"desktop:20px;\",\"line-height\":\"desktop:30px;\"}' ><h3 style=\"font-family:&#039;Nunito&#039;;font-weight:300;color:#08bfdd;margin-bottom:30px;\">Educa\u00e7\u00e3o<\/h3><\/div><\/div>[vc_row_inner gap=&#8221;15&#8243;][vc_column_inner width=&#8221;1\/2&#8243;][vc_single_image image=&#8221;2590&#8243; img_size=&#8221;large&#8221; image_hovers=&#8221;false&#8221; lazy_loading=&#8221;true&#8221;][\/vc_column_inner][vc_column_inner width=&#8221;1\/2&#8243;][vc_column_text]O desenvolvimento sustentado de qualquer pa\u00eds est\u00e1 intimamente ligado \u00e0 qualidade do Sistema de Ensino que, de forma integrada, deve contribuir para a forma\u00e7\u00e3o de quadros diferenciados e com capacidade para alavancarem uma estrat\u00e9gia de diversifica\u00e7\u00e3o da economia nacional.<\/p>\n<p>Modelo de Suporte ao Ensino, incluindo a rela\u00e7\u00e3o com entidades externas, \u00e9 din\u00e2mico e evolutivo apresentando elevados n\u00edveis de escalabilidade, o que permite integrar novas funcionalidades e dom\u00ednios de forma\u00e7\u00e3o de acordo com as necessidades das entidades competentes.[\/vc_column_text][\/vc_column_inner][\/vc_row_inner][vc_empty_space height=&#8221;30px&#8221;][vc_column_text]<\/p>\n<p>A FORDESI fornece ferramentas ao servi\u00e7o da cadeia de valor da Educa\u00e7\u00e3o que representam um elemento fortemente capacitante, na medida em que institui normas e procedimentos com elevado potencial de dissemina\u00e7\u00e3o, onde a transi\u00e7\u00e3o para paradigmas organizacionais cada vez mais integrados e \u00e1geis, suportados por tecnologias inovadoras, potencia a capacita\u00e7\u00e3o dos RH para os novos desafios operacionais e de gest\u00e3o.<\/p>\n<p>O car\u00e1cter evolutivo das solu\u00e7\u00f5es possibilitam a integra\u00e7\u00e3o de novos componentes que correspondam \u00e0s necessidades pertinentes de entidades e\/ou projetos colaborantes com o sistema educativo, projetos organizados para convergir para num conjunto de objectivos essenciais, designadamente \u201c (i) aumentar o conhecimento e as compet\u00eancias dos professores, incrementando os \u00edndices de gest\u00e3o das escolas nas \u00e1reas designadas do projecto e (ii) desenvolver um sistema de avalia\u00e7\u00e3o sistem\u00e1tica dos alunos\u201d.[\/vc_column_text][vc_empty_space height=&#8221;30px&#8221;]<div id=\"ultimate-heading-774469f488a331bdf\" class=\"uvc-heading ult-adjust-bottom-margin ultimate-heading-774469f488a331bdf uvc-8918 \" data-hspacer=\"no_spacer\"  data-halign=\"left\" style=\"text-align:left\"><div class=\"uvc-heading-spacer no_spacer\" style=\"top\"><\/div><div class=\"uvc-main-heading ult-responsive\"  data-ultimate-target='.uvc-heading.ultimate-heading-774469f488a331bdf h3'  data-responsive-json-new='{\"font-size\":\"desktop:20px;\",\"line-height\":\"desktop:30px;\"}' ><h3 style=\"font-family:&#039;Nunito&#039;;font-weight:300;color:#08bfdd;margin-bottom:30px;\">Quadros e compet\u00eancias<\/h3><\/div><\/div>[vc_row_inner gap=&#8221;15&#8243;][vc_column_inner width=&#8221;1\/2&#8243;][vc_single_image image=&#8221;2591&#8243; img_size=&#8221;large&#8221; image_hovers=&#8221;false&#8221; lazy_loading=&#8221;true&#8221;][\/vc_column_inner][vc_column_inner width=&#8221;1\/2&#8243;][vc_column_text]A tem\u00e1tica da Gest\u00e3o de Quadros tem assumido grande relev\u00e2ncia no quadro das prioridades nacionais, na medida em que impacta, de forma objetiva, nas pol\u00edticas de mobilidade de RH e na capacidade de gest\u00e3o e afeta\u00e7\u00e3o de recursos humanos numa base de otimiza\u00e7\u00e3o dos recursos dispon\u00edveis.<\/p>\n<p>Cada vez mais as organiza\u00e7\u00f5es (p\u00fablicas e privadas) competem por par\u00e2metros de efici\u00eancia superiores, pelo que uma gest\u00e3o mais eficiente dos recursos humanos dispon\u00edveis \u00e9 condi\u00e7\u00e3o absolutamente essencial.<\/p>\n<p>\u00c9 essencial garantir um conhecimento pormenorizado e em tempo real sobre o perfil de RH e compet\u00eancias existentes, at\u00e9 para fomentar a\u00e7\u00f5es de coopera\u00e7\u00e3o \/ colabora\u00e7\u00e3o entre Institui\u00e7\u00f5es P\u00fablicas.[\/vc_column_text][\/vc_column_inner][\/vc_row_inner][vc_empty_space height=&#8221;30px&#8221;][vc_column_text]A FORDESI desenvolve trabalho no \u00e2mbito de sistemas de informa\u00e7\u00e3o para a constru\u00e7\u00e3o de modelos de Gest\u00e3o de Quadros e Compet\u00eancias e potenciam:<\/p>\n<ul>\n<li>Estabelecer Referenciais comuns para a Gest\u00e3o de Quadros e Compet\u00eancias;<\/li>\n<li>Diferenciar compet\u00eancias gerais e espec\u00edficas;<\/li>\n<li>Garantir Processos e Procedimentos de Recolha e Tratamento de Informa\u00e7\u00e3o integrados e normalizados;<\/li>\n<li>Maior capacidade de afeta\u00e7\u00e3o de RH, em fun\u00e7\u00e3o do n\u00edvel de compet\u00eancias real;<\/li>\n<li>Maior capacidade para orientar pol\u00edticas de forma\u00e7\u00e3o e\/ou refor\u00e7o de compet\u00eancias;<\/li>\n<li>Diferencia\u00e7\u00e3o \/ Afirma\u00e7\u00e3o das organiza\u00e7\u00f5es com base nas reais compet\u00eancias existentes na institui\u00e7\u00e3o.<\/li>\n<\/ul>\n<p>[\/vc_column_text]\r\n\t\t\t\t            <\/div>\r\n\t        \t\t\t<\/dd>\r\n    \t<\/dl>\r\n    <!--<div class=\"extraborder\" style=\"background-color:#ffffff\"><\/div>-->\r\n<\/div>\r\n\r\n<\/div>[\/vc_column][\/vc_row][vc_row type=&#8221;5&#8243; equal_height=&#8221;yes&#8221; content_placement=&#8221;middle&#8221; parallax=&#8221;content-moving&#8221; parallax_image=&#8221;2125&#8243; padding_top=&#8221;60&#8243; padding_bottom=&#8221;60&#8243; bg_cover=&#8221;true&#8221; enable_parallax=&#8221;false&#8221; css=&#8221;.vc_custom_1526033038594{padding-top: 60px !important;padding-bottom: 60px !important;}&#8221; bg_image=&#8221;https:\/\/www.fordesi.pt\/wp-content\/uploads\/2018\/05\/cta-footer.jpg&#8221;][vc_column width=&#8221;2\/3&#8243;]<div id=\"ultimate-heading-3169f488a3332ac\" class=\"uvc-heading ult-adjust-bottom-margin ultimate-heading-3169f488a3332ac uvc-5519 \" data-hspacer=\"no_spacer\"  data-halign=\"left\" style=\"text-align:left\"><div class=\"uvc-heading-spacer no_spacer\" style=\"top\"><\/div><div class=\"uvc-main-heading ult-responsive\"  data-ultimate-target='.uvc-heading.ultimate-heading-3169f488a3332ac h2'  data-responsive-json-new='{\"font-size\":\"desktop:48px;\",\"line-height\":\"desktop:58px;\"}' ><h2 style=\"--font-weight:theme;\">PRECISA DE UMA SOLU\u00c7\u00c3O \u00c0 MEDIDA?<\/h2><\/div><div class=\"uvc-sub-heading ult-responsive\"  data-ultimate-target='.uvc-heading.ultimate-heading-3169f488a3332ac .uvc-sub-heading '  data-responsive-json-new='{\"font-size\":\"desktop:20px;\",\"line-height\":\"desktop:30px;\"}'  style=\"font-weight:normal;\">Contacte-nos para podermos ajud\u00e1-lo a encontrar uma solu\u00e7\u00e3o adequada.<br \/>\nTorne a sua organiza\u00e7\u00e3o mais \u00e1gil e eficiente!<\/div><\/div>[\/vc_column][vc_column width=&#8221;1\/3&#8243;][vc_empty_space height=&#8221;30px&#8221;]<style type=\"text\/css\" data-type=\"the7_shortcodes-inline-css\">#default-btn-b3794f0929706d8324fbb60160203912.ico-right-side > i {\n  margin-right: 0px;\n  margin-left: 8px;\n}\n#default-btn-b3794f0929706d8324fbb60160203912 > i {\n  margin-right: 8px;\n}\n#default-btn-b3794f0929706d8324fbb60160203912 * {\n  vertical-align: middle;\n}\n<\/style><a href=\"https:\/\/www.fordesi.pt\/quem-somos\/contactos\/\" class=\"default-btn-shortcode dt-btn dt-btn-l link-hover-off ico-right-side btn-inline-left \" id=\"default-btn-b3794f0929706d8324fbb60160203912\" title=\"Contacte-nos\"><span>CONTACTE-NOS<\/span><i class=\"fa fa-arrow-circle-right\"><\/i><\/a>[\/vc_column][\/vc_row]<\/p>\n","protected":false},"excerpt":{"rendered":"<p>[vc_row][vc_column][\/vc_column][\/vc_row][vc_row type=&#8221;vc_default&#8221; full_width=&#8221;stretch_row&#8221; content_placement=&#8221;top&#8221; parallax=&#8221;content-moving&#8221; parallax_image=&#8221;2007&#8243;][vc_column css=&#8221;.vc_custom_1524076090733{padding-top: 60px !important;padding-bottom: 30px !important;}&#8221;][\/vc_column][\/vc_row][vc_row type=&#8221;5&#8243; equal_height=&#8221;yes&#8221; content_placement=&#8221;middle&#8221; parallax=&#8221;content-moving&#8221; parallax_image=&#8221;2125&#8243; padding_top=&#8221;60&#8243; padding_bottom=&#8221;60&#8243; bg_cover=&#8221;true&#8221; enable_parallax=&#8221;false&#8221; css=&#8221;.vc_custom_1526033038594{padding-top: 60px !important;padding-bottom: 60px !important;}&#8221; bg_image=&#8221;https:\/\/www.fordesi.pt\/wp-content\/uploads\/2018\/05\/cta-footer.jpg&#8221;][vc_column width=&#8221;2\/3&#8243;][\/vc_column][vc_column width=&#8221;1\/3&#8243;][vc_empty_space height=&#8221;30px&#8221;][\/vc_column][\/vc_row]<\/p>\n","protected":false},"author":1,"featured_media":0,"parent":0,"menu_order":30,"comment_status":"closed","ping_status":"closed","template":"","meta":[],"_links":{"self":[{"href":"https:\/\/www.fordesi.pt\/en\/wp-json\/wp\/v2\/pages\/2733\/"}],"collection":[{"href":"https:\/\/www.fordesi.pt\/en\/wp-json\/wp\/v2\/pages\/"}],"about":[{"href":"https:\/\/www.fordesi.pt\/en\/wp-json\/wp\/v2\/types\/page\/"}],"author":[{"embeddable":true,"href":"https:\/\/www.fordesi.pt\/en\/wp-json\/wp\/v2\/users\/1\/"}],"replies":[{"embeddable":true,"href":"https:\/\/www.fordesi.pt\/en\/wp-json\/wp\/v2\/comments\/?post=2733"}],"version-history":[{"count":3,"href":"https:\/\/www.fordesi.pt\/en\/wp-json\/wp\/v2\/pages\/2733\/revisions\/"}],"predecessor-version":[{"id":2736,"href":"https:\/\/www.fordesi.pt\/en\/wp-json\/wp\/v2\/pages\/2733\/revisions\/2736\/"}],"wp:attachment":[{"href":"https:\/\/www.fordesi.pt\/en\/wp-json\/wp\/v2\/media\/?parent=2733"}],"curies":[{"name":"wp","href":"https:\/\/api.w.org\/{rel}","templated":true}]}}